{"id":16,"date":"2024-02-10T12:54:55","date_gmt":"2024-02-10T12:54:55","guid":{"rendered":"https:\/\/ucvo.org\/?page_id=16"},"modified":"2025-11-17T14:29:10","modified_gmt":"2025-11-17T14:29:10","slug":"home","status":"publish","type":"page","link":"https:\/\/ucvo.org.uk\/gd\/","title":{"rendered":"Dachaigh"},"content":{"rendered":"<div id=\"gutenslider-5us8upglv\" class=\"wp-block-eedee-block-gutenslider gs-frontend content-change alignfull arrow-style-1 arrow-position-sides arrow-mb-none arrows-lg arrows-md arrows-sm dot-style-1 dots-lg-none dots-md-none dots-sm-none dot-position-bottom is-position-center-center mb-none wrap-auto-height\" data-parallax-direction=\"down\" data-parallax-amount=\"1.3\" data-lg-transition=\"lg-slide\" data-hash=\"\" ><div class=\"eedee-swiper-outer\" style=\"--gutenslider-min-height: 45vh;--gutenslider-arrow-size: 30px;--gutenslider-dot-size: 25px;--gutenslider-arrow-color: #ffffff;--gutenslider-dot-color: #ffffff;--gutenslider-padding-y-mobile: 40px;--gutenslider-padding-x-mobile: 40px;--gutenslider-padding-y-tablet: 40px;--gutenslider-padding-x-tablet: 40px;--gutenslider-padding-y-desktop: 40px;--gutenslider-padding-x-desktop: 40px;--gutenslider-bg-image: url();--gutenslider-min-height-md: 50vh;--gutenslider-min-height-sm: 50vh;--gutenslider-padding-x: 40px;--gutenslider-padding-x-md: 40px;--gutenslider-padding-x-sm: 20px;--gutenslider-padding-y: 40px;--gutenslider-padding-y-md: 40px;--gutenslider-padding-y-sm: 20px;--gutenslider-arrow-size-md: 30px;--gutenslider-arrow-size-sm: 30px;--gutenslider-dot-size-md: 25px;--gutenslider-dot-size-sm: 25px;--gutenslider-arrow-bg-color: transparent;--gutenslider-arrow-hover-color: #eeeeee;--gutenslider-arrow-bg-hover-color: transparent;--gutenslider-arrow-x-offset: 10px;--gutenslider-arrow-x-offset-md: 10px;--gutenslider-arrow-x-offset-sm: 10px;--gutenslider-arrow-y-offset: 0px;--gutenslider-arrow-y-offset-md: 0px;--gutenslider-arrow-y-offset-sm: 0px;--gutenslider-arrow-x-spacing: 0px;--gutenslider-dot-y-offset: 10px;--gutenslider-dot-y-offset-md: 10px;--gutenslider-dot-y-offset-sm: 10px;--gutenslider-margin-x: 0px;--gutenslider-margin-x-md: 0px;--gutenslider-margin-x-sm: 0px;--gutenslider-margin-y: 0px;--gutenslider-margin-y-md: 0px;--gutenslider-margin-y-sm: 0px;--gutenslider-divider-top: 60px;--gutenslider-divider-bottom: 60px;--gutenslider-lightgallery-bg: #ffffff;--gutenslider-lightgallery-font: #000000;--gs-first-pos: 50% 50%;--gs-gap-vertical: var( --wp--style--gallery-gap-default, var( --gallery-block--gutter-size, var( --wp--style--block-gap, 0.5em ) ) );--gs-gap-horizontal: var( --wp--style--gallery-gap-default, var( --gallery-block--gutter-size, var( --wp--style--block-gap, 0.5em ) ) );\"><div class=\"gutenslider-divider-top\" style=\"color:#fff;\"><\/div><div class=\"swiper\" data-settings='{\"autoplay\":{\"delay\":3000,\"pauseOnMouseEnter\":true,\"disableOnInteraction\":false},\"speed\":700,\"direction\":\"horizontal\",\"autoHeight\":\"\",\"loop\":true,\"centeredSlides\":true,\"spaceBetween\":0,\"slidesPerView\":1,\"slidesPerGroup\":1,\"effect\":\"slide\",\"coverflowEffect\":{\"rotate\":30,\"slideShadows\":false,\"depth\":100,\"stretch\":50,\"modifier\":1},\"fadeEffect\":{\"crossFade\":true},\"zoom\":\"\",\"navigation\":{\"nextEl\":\"#gutenslider-5us8upglv .eedee-gutenslider-next\",\"prevEl\":\"#gutenslider-5us8upglv .eedee-gutenslider-prev\"},\"pagination\":{\"type\":\"bullets\",\"clickable\":true,\"dynamicBullets\":false,\"el\":\"#gutenslider-5us8upglv .eedee-gutenslider-pagination\"},\"pauseOnHover\":\"1\",\"watchSlidesProgress\":true,\"watchSlidesVisibility\":true,\"settingsMd\":{\"autoHeight\":\"\",\"slidesPerView\":1,\"slidesPerGroup\":1,\"spaceBetween\":0,\"loop\":true},\"settingsLg\":{\"autoHeight\":\"\",\"slidesPerView\":1,\"slidesPerGroup\":1,\"spaceBetween\":0,\"loop\":true},\"hasLg\":false,\"hasLgCounter\":true,\"isFullScreen\":false,\"arrowsFollowMouse\":false,\"lgTitle\":\"none\",\"lgCaption\":\"none\",\"lgThumbnails\":true,\"lgZoomEnabled\":false,\"keyboard\":{\"keyboard\":{\"enabled\":true,\"onlyInViewport\":true}},\"hashNavigation\":false,\"dividers\":false}'><div class=\"swiper-wrapper\">\n<div class=\"swiper-slide wp-block-eedee-block-gutenslide is-position-center-center ed-bg-image\" style=\"--ed-vw:300;--ed-vh:169;\" data-hash=\"\"><div class=\"eedee-background-div bg-image\"><img loading=\"lazy\" width=\"1024\" height=\"576\" class=\"wp-image-728\" src=\"https:\/\/ucvo.org.uk\/wp-content\/uploads\/2025\/06\/North-Uist-by-Jason-1-1024x576.jpeg\" alt=\"\" decoding=\"async\" style=\"object-fit: cover; object-position: 50% 50%;\"  data-title=\"North Uist by Jason (1)\" srcset=\"https:\/\/ucvo.org.uk\/wp-content\/uploads\/2025\/06\/North-Uist-by-Jason-1-1024x576.jpeg 1024w, https:\/\/ucvo.org.uk\/wp-content\/uploads\/2025\/06\/North-Uist-by-Jason-1-300x169.jpeg 300w, https:\/\/ucvo.org.uk\/wp-content\/uploads\/2025\/06\/North-Uist-by-Jason-1-768x432.jpeg 768w, https:\/\/ucvo.org.uk\/wp-content\/uploads\/2025\/06\/North-Uist-by-Jason-1-1536x864.jpeg 1536w, https:\/\/ucvo.org.uk\/wp-content\/uploads\/2025\/06\/North-Uist-by-Jason-1-18x10.jpeg 18w, https:\/\/ucvo.org.uk\/wp-content\/uploads\/2025\/06\/North-Uist-by-Jason-1.jpeg 2048w\" sizes=\"auto, (max-width: 1024px) 100vw, 1024px\" \/><div class=\"eedee-background-div__overlay\" style=\"opacity:1;\"><\/div><\/div><div class=\"slide-content\">\n\n<div class=\"wp-block-group eplus-wrapper has-background has-global-padding is-layout-constrained wp-container-core-group-is-layout-34a480d6 wp-block-group-is-layout-constrained\" style=\"background-color:#f6f6f678;padding-top:var(--wp--preset--spacing--20);padding-right:var(--wp--preset--spacing--20);padding-bottom:var(--wp--preset--spacing--20);padding-left:var(--wp--preset--spacing--20)\">\n<p class=\"has-text-align-center gutenslider-content-initial eplus-wrapper has-larger-font-size wp-block-paragraph\">Uist Climate Action Plan<\/p>\n\n\n\n<p class=\"eplus-wrapper wp-block-paragraph\">We&#8217;ve worked with Community Energy Scotland to put together a Climate Action Plan for Uist<\/p>\n\n\n\n<div class=\"wp-block-buttons eplus-wrapper is-content-justification-center is-layout-flex wp-container-core-buttons-is-layout-0aa01211 wp-block-buttons-is-layout-flex\">\n<div class=\"wp-block-button eplus-wrapper\"><a class=\"wp-block-button__link has-accent-5-background-color has-background has-text-align-center wp-element-button\" href=\"https:\/\/ucvo.org.uk\/gd\/climate-action-plan\/\">Faigh a-mach barrachd<\/a><\/div>\n<\/div>\n<\/div>\n\n<\/div><\/div>\n\n<div class=\"swiper-slide wp-block-eedee-block-gutenslide is-position-center-center ed-bg-image\" style=\"--ed-vw:300;--ed-vh:225;\" data-hash=\"\"><div class=\"eedee-background-div bg-image\"><img loading=\"lazy\" width=\"1024\" height=\"767\" class=\"wp-image-732\" src=\"https:\/\/ucvo.org.uk\/wp-content\/uploads\/2025\/06\/Benbecula-by-Sorcha-1024x767.jpeg\" alt=\"\" decoding=\"async\" style=\"object-fit: cover; object-position: 50% 50%;\"  data-title=\"Benbecula by Sorcha\" srcset=\"https:\/\/ucvo.org.uk\/wp-content\/uploads\/2025\/06\/Benbecula-by-Sorcha-1024x767.jpeg 1024w, https:\/\/ucvo.org.uk\/wp-content\/uploads\/2025\/06\/Benbecula-by-Sorcha-300x225.jpeg 300w, https:\/\/ucvo.org.uk\/wp-content\/uploads\/2025\/06\/Benbecula-by-Sorcha-768x575.jpeg 768w, https:\/\/ucvo.org.uk\/wp-content\/uploads\/2025\/06\/Benbecula-by-Sorcha-1536x1150.jpeg 1536w, https:\/\/ucvo.org.uk\/wp-content\/uploads\/2025\/06\/Benbecula-by-Sorcha-16x12.jpeg 16w, https:\/\/ucvo.org.uk\/wp-content\/uploads\/2025\/06\/Benbecula-by-Sorcha.jpeg 1557w\" sizes=\"auto, (max-width: 1024px) 100vw, 1024px\" \/><div class=\"eedee-background-div__overlay\" style=\"opacity:1;\"><\/div><\/div><div class=\"slide-content\">\n\n<div class=\"wp-block-group eplus-wrapper has-background has-global-padding is-layout-constrained wp-container-core-group-is-layout-34a480d6 wp-block-group-is-layout-constrained\" style=\"background-color:#f6f6f678;padding-top:var(--wp--preset--spacing--20);padding-right:var(--wp--preset--spacing--20);padding-bottom:var(--wp--preset--spacing--20);padding-left:var(--wp--preset--spacing--20)\">\n<p class=\"has-text-align-center gutenslider-content-initial eplus-wrapper has-larger-font-size wp-block-paragraph\">Coinnich ri na buill<\/p>\n\n\n\n<p class=\"eplus-wrapper wp-block-paragraph\">We have a membership of over 100 voluntary organisations from Berneray to Eriskay<\/p>\n\n\n\n<div class=\"wp-block-buttons eplus-wrapper is-content-justification-center is-layout-flex wp-container-core-buttons-is-layout-0aa01211 wp-block-buttons-is-layout-flex\">\n<div class=\"wp-block-button eplus-wrapper\"><a class=\"wp-block-button__link has-accent-3-background-color has-background has-text-align-center wp-element-button\" href=\"https:\/\/ucvo.org.uk\/gd\/membership\/\">Coinnich ri na buill<\/a><\/div>\n<\/div>\n<\/div>\n\n<\/div><\/div>\n\n<div class=\"swiper-slide wp-block-eedee-block-gutenslide is-position-center-center ed-bg-image\" style=\"--ed-vw:225;--ed-vh:300;\" data-hash=\"\"><div class=\"eedee-background-div bg-image\"><img loading=\"lazy\" width=\"768\" height=\"1024\" class=\"wp-image-729\" src=\"https:\/\/ucvo.org.uk\/wp-content\/uploads\/2025\/06\/image2-1-1-768x1024.jpeg\" alt=\"\" decoding=\"async\" style=\"object-fit: cover; object-position: 50% 50%;\"  data-title=\"image2 (1) (1)\" srcset=\"https:\/\/ucvo.org.uk\/wp-content\/uploads\/2025\/06\/image2-1-1-768x1024.jpeg 768w, https:\/\/ucvo.org.uk\/wp-content\/uploads\/2025\/06\/image2-1-1-225x300.jpeg 225w, https:\/\/ucvo.org.uk\/wp-content\/uploads\/2025\/06\/image2-1-1-1152x1536.jpeg 1152w, https:\/\/ucvo.org.uk\/wp-content\/uploads\/2025\/06\/image2-1-1-9x12.jpeg 9w, https:\/\/ucvo.org.uk\/wp-content\/uploads\/2025\/06\/image2-1-1-rotated.jpeg 1512w\" sizes=\"auto, (max-width: 768px) 100vw, 768px\" \/><div class=\"eedee-background-div__overlay\" style=\"opacity:1;\"><\/div><\/div><div class=\"slide-content\">\n\n<div class=\"wp-block-group eplus-wrapper has-background has-global-padding is-layout-constrained wp-container-core-group-is-layout-34a480d6 wp-block-group-is-layout-constrained\" style=\"background-color:#f6f6f678;padding-top:var(--wp--preset--spacing--20);padding-right:var(--wp--preset--spacing--20);padding-bottom:var(--wp--preset--spacing--20);padding-left:var(--wp--preset--spacing--20)\">\n<p class=\"has-text-align-center gutenslider-content-initial eplus-wrapper has-larger-font-size wp-block-paragraph\">C\u00f2 sinn?<\/p>\n\n\n\n<p class=\"eplus-wrapper wp-block-paragraph\">Find out more about who we are and what do <\/p>\n\n\n\n<div class=\"wp-block-buttons eplus-wrapper is-content-justification-center is-layout-flex wp-container-core-buttons-is-layout-0aa01211 wp-block-buttons-is-layout-flex\">\n<div class=\"wp-block-button eplus-wrapper\"><a class=\"wp-block-button__link has-accent-2-background-color has-background has-text-align-center wp-element-button\" href=\"https:\/\/ucvo.org.uk\/gd\/who-we-are\/\">Faigh a-mach barrachd<\/a><\/div>\n<\/div>\n<\/div>\n\n<\/div><\/div>\n<\/div><\/div><button class=\"eedee-gutenslider-nav eedee-gutenslider-prev\"><svg xmlns=\"http:\/\/www.w3.org\/2000\/svg\" viewbox=\"0 0 24 24\" width=\"24\" height=\"24\"><circle class=\"bg\" cx=\"13\" cy=\"12\" r=\"11\" \/><path fill=\"none\" d=\"M0 0h24v24H0z\"\/><path class=\"arrow\" d=\"M10.828 12l4.95 4.95-1.414 1.414L8 12l6.364-6.364 1.414 1.414z\"\/><\/svg><\/button><button class=\"eedee-gutenslider-nav eedee-gutenslider-next\"><svg xmlns=\"http:\/\/www.w3.org\/2000\/svg\" viewbox=\"0 0 24 24\" width=\"24\" height=\"24\"><circle class=\"bg\" cx=\"11\" cy=\"12\" r=\"11\" \/><path fill=\"none\" d=\"M0 0h24v24H0z\"\/><path class=\"arrow\" d=\"M13.172 12l-4.95-4.95 1.414-1.414L16 12l-6.364 6.364-1.414-1.414z\"\/><\/svg><\/button><div class=\"eedee-gutenslider-pagination\"><\/div><div class=\"gutenslider-divider-bottom\" style=\"color:#fff;\"><\/div><\/div><\/div>\n\n\n<div class=\"wp-block-group alignfull eplus-wrapper has-base-2-color has-accent-2-background-color has-text-color has-background has-link-color wp-elements-6d65409e52ff7c543398a0ed93354f06 has-global-padding is-layout-constrained wp-block-group-is-layout-constrained\" style=\"margin-top:0;margin-bottom:0;padding-top:var(--wp--preset--spacing--10);padding-bottom:var(--wp--preset--spacing--10)\">\n<h2 class=\"wp-block-heading has-text-align-center eplus-wrapper has-base-2-color has-text-color has-link-color wp-elements-0efab4cfbce9b33d7a7aac16932bbefe\">A' toirt taic don Treas Roinn bho Bhe\u00e0rnaraigh gu Eirisgeigh<\/h2>\n<\/div>\n\n\n\n<div style=\"height:10px\" aria-hidden=\"true\" class=\"wp-block-spacer eplus-wrapper\"><\/div>\n\n\n\n<div class=\"wp-block-group eplus-wrapper has-background editorskit-no-desktop editorskit-no-tablet editorskit-no-mobile has-global-padding is-layout-constrained wp-container-core-group-is-layout-c9a371c5 wp-block-group-is-layout-constrained\" style=\"background-color:#ffdf0f0f;padding-top:var(--wp--preset--spacing--30);padding-right:var(--wp--preset--spacing--30);padding-bottom:var(--wp--preset--spacing--30);padding-left:var(--wp--preset--spacing--30)\">\n<h2 class=\"wp-block-heading has-text-align-center eplus-wrapper has-accent-2-color has-text-color has-link-color wp-elements-0a406aa78e5aac67630831c639e0823f\">1 WEEK TO GO!<\/h2>\n\n\n\n<p class=\"has-text-align-center eplus-wrapper has-link-color wp-elements-37a64fa1095ec81ec8ac40cad3a7a658 wp-block-paragraph\"><strong>The Communities Mental Health and Wellbeing Fund for Adults Year 5 Fund closes on Friday 31<sup>st<\/sup> October 2025.<\/strong><\/p>\n\n\n\n<figure class=\"wp-block-gallery has-nested-images columns-default is-cropped wp-block-gallery-1 is-layout-flex wp-block-gallery-is-layout-flex\" style=\"margin-top:var(--wp--preset--spacing--10);margin-bottom:var(--wp--preset--spacing--10)\">\n<figure class=\"wp-block-image size-large\"><img loading=\"lazy\" decoding=\"async\" width=\"724\" height=\"1024\" data-id=\"849\" src=\"https:\/\/ucvo.org.uk\/wp-content\/uploads\/2025\/10\/Health-Wellbeing-Fund-2025-2-724x1024.jpg\" alt=\"\" class=\"wp-image-849\" srcset=\"https:\/\/ucvo.org.uk\/wp-content\/uploads\/2025\/10\/Health-Wellbeing-Fund-2025-2-724x1024.jpg 724w, https:\/\/ucvo.org.uk\/wp-content\/uploads\/2025\/10\/Health-Wellbeing-Fund-2025-2-212x300.jpg 212w, https:\/\/ucvo.org.uk\/wp-content\/uploads\/2025\/10\/Health-Wellbeing-Fund-2025-2-768x1086.jpg 768w, https:\/\/ucvo.org.uk\/wp-content\/uploads\/2025\/10\/Health-Wellbeing-Fund-2025-2-50x71.jpg 50w, https:\/\/ucvo.org.uk\/wp-content\/uploads\/2025\/10\/Health-Wellbeing-Fund-2025-2-1086x1536.jpg 1086w, https:\/\/ucvo.org.uk\/wp-content\/uploads\/2025\/10\/Health-Wellbeing-Fund-2025-2-8x12.jpg 8w, https:\/\/ucvo.org.uk\/wp-content\/uploads\/2025\/10\/Health-Wellbeing-Fund-2025-2.jpg 1414w\" sizes=\"auto, (max-width: 724px) 100vw, 724px\" \/><\/figure>\n\n\n\n<figure class=\"wp-block-image size-large\"><a href=\"https:\/\/ucvo.org.uk\/gd\/the-communities-mental-health-and-wellbeing-fund-for-adults-opens-for-fifth-and-sixth-years\/\"><img loading=\"lazy\" decoding=\"async\" width=\"724\" height=\"1024\" data-id=\"840\" src=\"https:\/\/ucvo.org.uk\/wp-content\/uploads\/2025\/10\/Health-Wellbeing-Fund-2025-724x1024.png\" alt=\"\" class=\"wp-image-840\" srcset=\"https:\/\/ucvo.org.uk\/wp-content\/uploads\/2025\/10\/Health-Wellbeing-Fund-2025-724x1024.png 724w, https:\/\/ucvo.org.uk\/wp-content\/uploads\/2025\/10\/Health-Wellbeing-Fund-2025-212x300.png 212w, https:\/\/ucvo.org.uk\/wp-content\/uploads\/2025\/10\/Health-Wellbeing-Fund-2025-768x1086.png 768w, https:\/\/ucvo.org.uk\/wp-content\/uploads\/2025\/10\/Health-Wellbeing-Fund-2025-50x71.png 50w, https:\/\/ucvo.org.uk\/wp-content\/uploads\/2025\/10\/Health-Wellbeing-Fund-2025-1086x1536.png 1086w, https:\/\/ucvo.org.uk\/wp-content\/uploads\/2025\/10\/Health-Wellbeing-Fund-2025-8x12.png 8w, https:\/\/ucvo.org.uk\/wp-content\/uploads\/2025\/10\/Health-Wellbeing-Fund-2025.png 1414w\" sizes=\"auto, (max-width: 724px) 100vw, 724px\" \/><\/a><\/figure>\n<\/figure>\n\n\n\n<p class=\"has-text-align-center eplus-wrapper has-link-color wp-elements-232c7a5956f493de2bc6a3e98bd54cd9 wp-block-paragraph\"><strong>Application Forms and Fund Guidance can be accessed at <\/strong><a href=\"https:\/\/tsiwi.org\/\" class=\"ek-link\"><strong>tsiwi.org<\/strong><\/a><strong><u> <\/u>or by emailing <\/strong><a href=\"mailto:info@ucvo.org.uk\"><strong>info@ucvo.org.uk<\/strong><\/a><\/p>\n\n\n\n<div class=\"wp-block-buttons eplus-wrapper is-content-justification-center is-layout-flex wp-container-core-buttons-is-layout-0aa01211 wp-block-buttons-is-layout-flex\">\n<div class=\"wp-block-button eplus-wrapper\"><a class=\"wp-block-button__link has-accent-2-background-color has-background has-text-align-center wp-element-button\" href=\"https:\/\/ucvo.org.uk\/gd\/the-communities-mental-health-and-wellbeing-fund-for-adults-opens-for-fifth-and-sixth-years\/\">Faigh a-mach barrachd<\/a><\/div>\n<\/div>\n<\/div>\n\n\n\n<div style=\"height:10px\" aria-hidden=\"true\" class=\"wp-block-spacer eplus-wrapper\"><\/div>\n\n\n\n<div class=\"wp-block-group eplus-wrapper has-background has-global-padding is-layout-constrained wp-container-core-group-is-layout-c9a371c5 wp-block-group-is-layout-constrained\" style=\"background-color:#ffdf0f0f;padding-top:var(--wp--preset--spacing--30);padding-right:var(--wp--preset--spacing--30);padding-bottom:var(--wp--preset--spacing--30);padding-left:var(--wp--preset--spacing--30)\">\n<h2 class=\"wp-block-heading has-text-align-center eplus-wrapper has-accent-2-color has-text-color has-link-color wp-elements-172e8fcc4a9e9cc81fd05d184ff8ba43\">Mur Deidhinn<\/h2>\n\n\n\n<p class=\"has-text-align-center eplus-wrapper wp-block-paragraph\">Tha Comhairle Bhuidhnean Saor-thoileach Uibhist a' toirt taic agus riochdachadh do bhuidhnean na Treas Roinne st\u00e8idhichte eadar Be\u00e0rnaraigh agus Eirisgeigh.<\/p>\n\n\n\n<p class=\"has-text-align-center eplus-wrapper has-link-color wp-elements-58ddccea745c5767d805f775d938db1a wp-block-paragraph\">Tha sinn air ar ruith bho latha gu latha le sgioba bheag dh\u00eccheallach de luchd-obrach fo sti\u00f9ir b\u00f2rd de sti\u00f9irichean saor-thoileach.<\/p>\n\n\n\n<div class=\"wp-block-buttons eplus-wrapper is-content-justification-center is-layout-flex wp-container-core-buttons-is-layout-0aa01211 wp-block-buttons-is-layout-flex\">\n<div class=\"wp-block-button eplus-wrapper\"><a class=\"wp-block-button__link has-base-2-color has-accent-2-background-color has-text-color has-background has-link-color has-medium-font-size has-custom-font-size wp-element-button\" href=\"https:\/\/ucvo.org.uk\/gd\/?page_id=33\">C\u00f2 sinn?<\/a><\/div>\n\n\n\n<div class=\"wp-block-button eplus-wrapper\"><a class=\"wp-block-button__link has-base-2-color has-accent-2-background-color has-text-color has-background has-link-color has-medium-font-size has-custom-font-size wp-element-button\" href=\"https:\/\/ucvo.org.uk\/gd\/?page_id=39\">Seirbheisean<\/a><\/div>\n<\/div>\n<\/div>\n\n\n\n<div style=\"height:10px\" aria-hidden=\"true\" class=\"wp-block-spacer eplus-wrapper\"><\/div>\n\n\n\n<div class=\"wp-block-columns eplus-wrapper is-layout-flex wp-container-core-columns-is-layout-3a88641f wp-block-columns-is-layout-flex\">\n<div class=\"wp-block-column eplus-wrapper has-contrast-color has-accent-2-background-color has-text-color has-background has-link-color wp-elements-90f3be23657704161b47e0db924df0a1\">\n<div class=\"wp-block-group eplus-wrapper has-global-padding is-layout-constrained wp-container-core-group-is-layout-76f2fd38 wp-block-group-is-layout-constrained\" style=\"border-radius:0px;padding-top:var(--wp--preset--spacing--10);padding-right:var(--wp--preset--spacing--10);padding-bottom:var(--wp--preset--spacing--10);padding-left:var(--wp--preset--spacing--10)\">\n<h2 class=\"wp-block-heading has-text-align-center eplus-wrapper has-base-2-color has-text-color has-link-color wp-elements-8ed9bfcc3ebb24492b76ac7d43039304\">Faigh Taic<\/h2>\n\n\n\n<p class=\"has-text-align-center eplus-wrapper has-base-2-color has-text-color has-link-color wp-elements-8c6c395995f6a01f9330c533b57eacd1 wp-block-paragraph\">Tha UCVO a' toirt taic do bhuidhnean na Treas Roinne agus Iomairtean S\u00f2isealta.<\/p>\n\n\n\n<div class=\"wp-block-buttons eplus-wrapper is-content-justification-center is-layout-flex wp-container-core-buttons-is-layout-0aa01211 wp-block-buttons-is-layout-flex\">\n<div class=\"wp-block-button eplus-wrapper\"><a class=\"wp-block-button__link has-contrast-color has-base-2-background-color has-text-color has-background has-link-color wp-element-button\" href=\"https:\/\/ucvo.org.uk\/gd\/what-we-do\/\">Faigh a-mach barrachd<\/a><\/div>\n<\/div>\n<\/div>\n<\/div>\n\n\n\n<div class=\"wp-block-column eplus-wrapper has-accent-3-background-color has-background is-layout-flow wp-block-column-is-layout-flow\">\n<div class=\"wp-block-group eplus-wrapper has-global-padding is-layout-constrained wp-container-core-group-is-layout-76f2fd38 wp-block-group-is-layout-constrained\" style=\"padding-top:var(--wp--preset--spacing--10);padding-right:var(--wp--preset--spacing--10);padding-bottom:var(--wp--preset--spacing--10);padding-left:var(--wp--preset--spacing--10)\">\n<h2 class=\"wp-block-heading has-text-align-center eplus-wrapper has-base-2-color has-text-color has-link-color wp-elements-3bb2d6db7eaf7e892221405ac2162dc0\">B\u00f9th Charthannais<\/h2>\n\n\n\n<p class=\"has-text-align-center eplus-wrapper has-base-2-color has-text-color has-link-color wp-elements-4f174b42f2d4f16dff4deb9e6ec4b658 wp-block-paragraph\">Tha B\u00f9th Charthannais trang aig UCVO aig Rathad a' Phuirt-adhair, Baile a' Mhanaich, Beinn nam Fadhla.<\/p>\n\n\n\n<div class=\"wp-block-buttons eplus-wrapper is-content-justification-center is-layout-flex wp-container-core-buttons-is-layout-0aa01211 wp-block-buttons-is-layout-flex\">\n<div class=\"wp-block-button eplus-wrapper\"><a class=\"wp-block-button__link has-contrast-color has-base-background-color has-text-color has-background has-link-color wp-element-button\" href=\"https:\/\/ucvo.org.uk\/gd\/benbecula-thrift-shop\/\">Faigh a-mach barrachd<\/a><\/div>\n<\/div>\n<\/div>\n<\/div>\n\n\n\n<div class=\"wp-block-column eplus-wrapper has-accent-5-background-color has-background is-layout-flow wp-block-column-is-layout-flow\">\n<div class=\"wp-block-group eplus-wrapper has-global-padding is-layout-constrained wp-container-core-group-is-layout-76f2fd38 wp-block-group-is-layout-constrained\" style=\"padding-top:var(--wp--preset--spacing--10);padding-right:var(--wp--preset--spacing--10);padding-bottom:var(--wp--preset--spacing--10);padding-left:var(--wp--preset--spacing--10)\">\n<h2 class=\"wp-block-heading has-text-align-center eplus-wrapper has-base-2-color has-text-color has-link-color wp-elements-bea429b3bd62762f0ba7e16f05ed0517\">Am Paipear<\/h2>\n\n\n\n<p class=\"has-text-align-center eplus-wrapper has-base-2-color has-text-color has-link-color wp-elements-338993b53ab6d30869355e4837e3788f wp-block-paragraph\">Tha UCVO a' foillseachadh p\u00e0ipear-naidheachd a' choimhearsnachd Am P\u00e0ipear.<\/p>\n\n\n\n<div class=\"wp-block-buttons eplus-wrapper is-content-justification-center is-layout-flex wp-container-core-buttons-is-layout-0aa01211 wp-block-buttons-is-layout-flex\">\n<div class=\"wp-block-button eplus-wrapper\"><a class=\"wp-block-button__link has-contrast-color has-base-2-background-color has-text-color has-background has-link-color wp-element-button\" href=\"https:\/\/ucvo.org.uk\/gd\/am-paipear\/\">Faigh a-mach barrachd<\/a><\/div>\n<\/div>\n<\/div>\n<\/div>\n<\/div>","protected":false},"excerpt":{"rendered":"<p>Supporting the Third Sector from Berneray to Eriskay 1 WEEK TO GO! The Communities Mental Health and Wellbeing Fund for Adults Year 5 Fund closes on Friday 31st October 2025. Application Forms and Fund Guidance can be accessed at tsiwi.org or by emailing info@ucvo.org.uk About us Uist Council of Voluntary Organisations provides support and representation [&hellip;]<\/p>\n","protected":false},"author":1,"featured_media":417,"parent":0,"menu_order":0,"comment_status":"closed","ping_status":"closed","template":"","meta":{"_acf_changed":false,"_editorskit_title_hidden":false,"_editorskit_reading_time":0,"_editorskit_is_block_options_detached":false,"_editorskit_block_options_position":"{}","_crdt_document":"","footnotes":""},"class_list":["post-16","page","type-page","status-publish","has-post-thumbnail","hentry"],"acf":[],"yoast_head":"<!-- This site is optimized with the Yoast SEO plugin v27.4 - https:\/\/yoast.com\/product\/yoast-seo-wordpress\/ -->\n<title>Uist Council of Voluntary Organisations<\/title>\n<meta name=\"description\" content=\"Supporting the Third Sector from Berneray to Eriskay\" \/>\n<meta name=\"robots\" content=\"index, follow, max-snippet:-1, max-image-preview:large, max-video-preview:-1\" \/>\n<link rel=\"canonical\" href=\"https:\/\/ucvo.org.uk\/gd\/\" \/>\n<meta property=\"og:locale\" content=\"en_US\" \/>\n<meta property=\"og:type\" content=\"article\" \/>\n<meta property=\"og:title\" content=\"Uist Council of Voluntary Organisations\" \/>\n<meta property=\"og:description\" content=\"Supporting the Third Sector from Berneray to Eriskay\" \/>\n<meta property=\"og:url\" content=\"https:\/\/ucvo.org.uk\/gd\/\" \/>\n<meta property=\"og:site_name\" content=\"Uist Council of Voluntary Organisations\" \/>\n<meta property=\"article:modified_time\" content=\"2025-11-17T14:29:10+00:00\" \/>\n<meta property=\"og:image\" content=\"https:\/\/ucvo.org.uk\/wp-content\/uploads\/2024\/03\/walter-frehner-gpFJ8MPyKZg-unsplash.jpg\" \/>\n\t<meta property=\"og:image:width\" content=\"1920\" \/>\n\t<meta property=\"og:image:height\" content=\"1280\" \/>\n\t<meta property=\"og:image:type\" content=\"image\/jpeg\" \/>\n<meta name=\"twitter:card\" content=\"summary_large_image\" \/>\n<meta name=\"twitter:label1\" content=\"Est. reading time\" \/>\n\t<meta name=\"twitter:data1\" content=\"2 minutes\" \/>\n<script type=\"application\/ld+json\" class=\"yoast-schema-graph\">{\"@context\":\"https:\\\/\\\/schema.org\",\"@graph\":[{\"@type\":\"WebPage\",\"@id\":\"https:\\\/\\\/ucvo.org.uk\\\/\",\"url\":\"https:\\\/\\\/ucvo.org.uk\\\/\",\"name\":\"Uist Council of Voluntary Organisations\",\"isPartOf\":{\"@id\":\"https:\\\/\\\/ucvo.org.uk\\\/#website\"},\"primaryImageOfPage\":{\"@id\":\"https:\\\/\\\/ucvo.org.uk\\\/#primaryimage\"},\"image\":{\"@id\":\"https:\\\/\\\/ucvo.org.uk\\\/#primaryimage\"},\"thumbnailUrl\":\"https:\\\/\\\/ucvo.org.uk\\\/wp-content\\\/uploads\\\/2024\\\/03\\\/walter-frehner-gpFJ8MPyKZg-unsplash.jpg\",\"datePublished\":\"2024-02-10T12:54:55+00:00\",\"dateModified\":\"2025-11-17T14:29:10+00:00\",\"description\":\"Supporting the Third Sector from Berneray to Eriskay\",\"breadcrumb\":{\"@id\":\"https:\\\/\\\/ucvo.org.uk\\\/#breadcrumb\"},\"inLanguage\":\"gd\",\"potentialAction\":[{\"@type\":\"ReadAction\",\"target\":[\"https:\\\/\\\/ucvo.org.uk\\\/\"]}]},{\"@type\":\"ImageObject\",\"inLanguage\":\"gd\",\"@id\":\"https:\\\/\\\/ucvo.org.uk\\\/#primaryimage\",\"url\":\"https:\\\/\\\/ucvo.org.uk\\\/wp-content\\\/uploads\\\/2024\\\/03\\\/walter-frehner-gpFJ8MPyKZg-unsplash.jpg\",\"contentUrl\":\"https:\\\/\\\/ucvo.org.uk\\\/wp-content\\\/uploads\\\/2024\\\/03\\\/walter-frehner-gpFJ8MPyKZg-unsplash.jpg\",\"width\":1920,\"height\":1280},{\"@type\":\"BreadcrumbList\",\"@id\":\"https:\\\/\\\/ucvo.org.uk\\\/#breadcrumb\",\"itemListElement\":[{\"@type\":\"ListItem\",\"position\":1,\"name\":\"Home\",\"item\":\"https:\\\/\\\/ucvo.org.uk\\\/\"},{\"@type\":\"ListItem\",\"position\":2,\"name\":\"Home\"}]},{\"@type\":\"WebSite\",\"@id\":\"https:\\\/\\\/ucvo.org.uk\\\/#website\",\"url\":\"https:\\\/\\\/ucvo.org.uk\\\/\",\"name\":\"Uist Council of Voluntary Organisations\",\"description\":\"Supporting the Third Sector from Berneray to Eriskay\",\"publisher\":{\"@id\":\"https:\\\/\\\/ucvo.org.uk\\\/#organization\"},\"potentialAction\":[{\"@type\":\"SearchAction\",\"target\":{\"@type\":\"EntryPoint\",\"urlTemplate\":\"https:\\\/\\\/ucvo.org.uk\\\/?s={search_term_string}\"},\"query-input\":{\"@type\":\"PropertyValueSpecification\",\"valueRequired\":true,\"valueName\":\"search_term_string\"}}],\"inLanguage\":\"gd\"},{\"@type\":\"Organization\",\"@id\":\"https:\\\/\\\/ucvo.org.uk\\\/#organization\",\"name\":\"Uist Council of Voluntary Organisations\",\"url\":\"https:\\\/\\\/ucvo.org.uk\\\/\",\"logo\":{\"@type\":\"ImageObject\",\"inLanguage\":\"gd\",\"@id\":\"https:\\\/\\\/ucvo.org.uk\\\/#\\\/schema\\\/logo\\\/image\\\/\",\"url\":\"https:\\\/\\\/ucvo.org.uk\\\/wp-content\\\/uploads\\\/2024\\\/02\\\/UCVOlogo.jpg\",\"contentUrl\":\"https:\\\/\\\/ucvo.org.uk\\\/wp-content\\\/uploads\\\/2024\\\/02\\\/UCVOlogo.jpg\",\"width\":1573,\"height\":691,\"caption\":\"Uist Council of Voluntary Organisations\"},\"image\":{\"@id\":\"https:\\\/\\\/ucvo.org.uk\\\/#\\\/schema\\\/logo\\\/image\\\/\"}}]}<\/script>\n<!-- \/ Yoast SEO plugin. -->","yoast_head_json":{"title":"Comhairle Bhuidhnean Saor-thoileach Uibhist","description":"A' toirt taic don Treas Roinn bho Bhe\u00e0rnaraigh gu Eirisgeigh","robots":{"index":"index","follow":"follow","max-snippet":"max-snippet:-1","max-image-preview":"max-image-preview:large","max-video-preview":"max-video-preview:-1"},"canonical":"https:\/\/ucvo.org.uk\/gd\/","og_locale":"en_US","og_type":"article","og_title":"Uist Council of Voluntary Organisations","og_description":"Supporting the Third Sector from Berneray to Eriskay","og_url":"https:\/\/ucvo.org.uk\/gd\/","og_site_name":"Uist Council of Voluntary Organisations","article_modified_time":"2025-11-17T14:29:10+00:00","og_image":[{"width":1920,"height":1280,"url":"https:\/\/ucvo.org.uk\/wp-content\/uploads\/2024\/03\/walter-frehner-gpFJ8MPyKZg-unsplash.jpg","type":"image\/jpeg"}],"twitter_card":"summary_large_image","twitter_misc":{"Est. reading time":"2 minutes"},"schema":{"@context":"https:\/\/schema.org","@graph":[{"@type":"WebPage","@id":"https:\/\/ucvo.org.uk\/","url":"https:\/\/ucvo.org.uk\/","name":"Comhairle Bhuidhnean Saor-thoileach Uibhist","isPartOf":{"@id":"https:\/\/ucvo.org.uk\/#website"},"primaryImageOfPage":{"@id":"https:\/\/ucvo.org.uk\/#primaryimage"},"image":{"@id":"https:\/\/ucvo.org.uk\/#primaryimage"},"thumbnailUrl":"https:\/\/ucvo.org.uk\/wp-content\/uploads\/2024\/03\/walter-frehner-gpFJ8MPyKZg-unsplash.jpg","datePublished":"2024-02-10T12:54:55+00:00","dateModified":"2025-11-17T14:29:10+00:00","description":"A' toirt taic don Treas Roinn bho Bhe\u00e0rnaraigh gu Eirisgeigh","breadcrumb":{"@id":"https:\/\/ucvo.org.uk\/#breadcrumb"},"inLanguage":"gd","potentialAction":[{"@type":"ReadAction","target":["https:\/\/ucvo.org.uk\/"]}]},{"@type":"ImageObject","inLanguage":"gd","@id":"https:\/\/ucvo.org.uk\/#primaryimage","url":"https:\/\/ucvo.org.uk\/wp-content\/uploads\/2024\/03\/walter-frehner-gpFJ8MPyKZg-unsplash.jpg","contentUrl":"https:\/\/ucvo.org.uk\/wp-content\/uploads\/2024\/03\/walter-frehner-gpFJ8MPyKZg-unsplash.jpg","width":1920,"height":1280},{"@type":"BreadcrumbList","@id":"https:\/\/ucvo.org.uk\/#breadcrumb","itemListElement":[{"@type":"ListItem","position":1,"name":"Home","item":"https:\/\/ucvo.org.uk\/"},{"@type":"ListItem","position":2,"name":"Home"}]},{"@type":"WebSite","@id":"https:\/\/ucvo.org.uk\/#website","url":"https:\/\/ucvo.org.uk\/","name":"Comhairle Bhuidhnean Saor-thoileach Uibhist","description":"A' toirt taic don Treas Roinn bho Bhe\u00e0rnaraigh gu Eirisgeigh","publisher":{"@id":"https:\/\/ucvo.org.uk\/#organization"},"potentialAction":[{"@type":"SearchAction","target":{"@type":"EntryPoint","urlTemplate":"https:\/\/ucvo.org.uk\/?s={search_term_string}"},"query-input":{"@type":"PropertyValueSpecification","valueRequired":true,"valueName":"search_term_string"}}],"inLanguage":"gd"},{"@type":"Organization","@id":"https:\/\/ucvo.org.uk\/#organization","name":"Comhairle Bhuidhnean Saor-thoileach Uibhist","url":"https:\/\/ucvo.org.uk\/","logo":{"@type":"ImageObject","inLanguage":"gd","@id":"https:\/\/ucvo.org.uk\/#\/schema\/logo\/image\/","url":"https:\/\/ucvo.org.uk\/wp-content\/uploads\/2024\/02\/UCVOlogo.jpg","contentUrl":"https:\/\/ucvo.org.uk\/wp-content\/uploads\/2024\/02\/UCVOlogo.jpg","width":1573,"height":691,"caption":"Uist Council of Voluntary Organisations"},"image":{"@id":"https:\/\/ucvo.org.uk\/#\/schema\/logo\/image\/"}}]}},"_links":{"self":[{"href":"https:\/\/ucvo.org.uk\/gd\/wp-json\/wp\/v2\/pages\/16","targetHints":{"allow":["GET"]}}],"collection":[{"href":"https:\/\/ucvo.org.uk\/gd\/wp-json\/wp\/v2\/pages"}],"about":[{"href":"https:\/\/ucvo.org.uk\/gd\/wp-json\/wp\/v2\/types\/page"}],"author":[{"embeddable":true,"href":"https:\/\/ucvo.org.uk\/gd\/wp-json\/wp\/v2\/users\/1"}],"replies":[{"embeddable":true,"href":"https:\/\/ucvo.org.uk\/gd\/wp-json\/wp\/v2\/comments?post=16"}],"version-history":[{"count":48,"href":"https:\/\/ucvo.org.uk\/gd\/wp-json\/wp\/v2\/pages\/16\/revisions"}],"predecessor-version":[{"id":852,"href":"https:\/\/ucvo.org.uk\/gd\/wp-json\/wp\/v2\/pages\/16\/revisions\/852"}],"wp:featuredmedia":[{"embeddable":true,"href":"https:\/\/ucvo.org.uk\/gd\/wp-json\/wp\/v2\/media\/417"}],"wp:attachment":[{"href":"https:\/\/ucvo.org.uk\/gd\/wp-json\/wp\/v2\/media?parent=16"}],"curies":[{"name":"wp","href":"https:\/\/api.w.org\/{rel}","templated":true}]}}